{"id":38039,"date":"2022-01-26T17:59:13","date_gmt":"2022-01-26T16:59:13","guid":{"rendered":"https:\/\/sial.school\/?page_id=38039"},"modified":"2026-03-09T22:24:51","modified_gmt":"2026-03-09T21:24:51","slug":"consiglio-direttivo","status":"publish","type":"page","link":"https:\/\/sial.school\/it\/chi-siamo\/consiglio-direttivo\/","title":{"rendered":"Consiglio Direttivo"},"content":{"rendered":"\t\t<div data-elementor-type=\"wp-page\" data-elementor-id=\"38039\" class=\"elementor elementor-38039 elementor-38037\" data-elementor-post-type=\"page\">\n\t\t\t\t\t\t<section class=\"elementor-section elementor-top-section elementor-element elementor-element-38456e86 elementor-section-stretched elementor-section-boxed elementor-section-height-default elementor-section-height-default\" data-id=\"38456e86\" data-element_type=\"section\" data-e-type=\"section\" data-settings=\"{&quot;stretch_section&quot;:&quot;section-stretched&quot;}\">\n\t\t\t\t\t\t<div class=\"elementor-container elementor-column-gap-default\">\n\t\t\t\t\t<div class=\"elementor-column elementor-col-100 elementor-top-column elementor-element elementor-element-4518b152\" data-id=\"4518b152\" data-element_type=\"column\" data-e-type=\"column\">\n\t\t\t<div class=\"elementor-widget-wrap elementor-element-populated\">\n\t\t\t\t\t\t<div class=\"elementor-element elementor-element-5724f28c elementor-widget elementor-widget-image\" data-id=\"5724f28c\" data-element_type=\"widget\" data-e-type=\"widget\" data-widget_type=\"image.default\">\n\t\t\t\t<div class=\"elementor-widget-container\">\n\t\t\t\t\t\t\t\t\t\t\t\t\t\t\t<img fetchpriority=\"high\" decoding=\"async\" width=\"1024\" height=\"174\" src=\"https:\/\/sial.school\/wp-content\/uploads\/2022\/03\/School-Web_Web-Elements_3-1024x174.png\" class=\"attachment-large size-large wp-image-38264\" alt=\"\" srcset=\"https:\/\/sial.school\/wp-content\/uploads\/2022\/03\/School-Web_Web-Elements_3-1024x174.png 1024w, https:\/\/sial.school\/wp-content\/uploads\/2022\/03\/School-Web_Web-Elements_3-300x51.png 300w, https:\/\/sial.school\/wp-content\/uploads\/2022\/03\/School-Web_Web-Elements_3-768x130.png 768w, https:\/\/sial.school\/wp-content\/uploads\/2022\/03\/School-Web_Web-Elements_3-260x44.png 260w, https:\/\/sial.school\/wp-content\/uploads\/2022\/03\/School-Web_Web-Elements_3-50x8.png 50w, https:\/\/sial.school\/wp-content\/uploads\/2022\/03\/School-Web_Web-Elements_3-150x25.png 150w, https:\/\/sial.school\/wp-content\/uploads\/2022\/03\/School-Web_Web-Elements_3.png 1278w\" sizes=\"(max-width:767px) 480px, (max-width:1024px) 100vw, 1024px\" \/>\t\t\t\t\t\t\t\t\t\t\t\t\t\t\t<\/div>\n\t\t\t\t<\/div>\n\t\t\t\t<div class=\"elementor-element elementor-element-7d2a1dd3 elementor-widget elementor-widget-heading\" data-id=\"7d2a1dd3\" data-element_type=\"widget\" data-e-type=\"widget\" data-widget_type=\"heading.default\">\n\t\t\t\t<div class=\"elementor-widget-container\">\n\t\t\t\t\t<h2 class=\"elementor-heading-title elementor-size-default\">Consiglio Direttivo<\/h2>\t\t\t\t<\/div>\n\t\t\t\t<\/div>\n\t\t\t\t<div class=\"elementor-element elementor-element-389ba66d elementor-widget elementor-widget-text-editor\" data-id=\"389ba66d\" data-element_type=\"widget\" data-e-type=\"widget\" data-widget_type=\"text-editor.default\">\n\t\t\t\t<div class=\"elementor-widget-container\">\n\t\t\t\t\t\t\t\t\t<p style=\"text-align: center;\"><strong>SIAL.<\/strong>school \u00e8 un progetto di <strong>SIAL.<\/strong>charity (La Scuola Italiana a Londra), che \u00e8 un Ente Senza Scopo di Lucro riconosciuto dalla Charity Commission britannica (No. 1119966).\u00a0 Il Consiglio direttivo della SIAL.school \u00e8 costituito da professionisti con esperienze in campo legale, dell\u2019educazione e della finanza che donano gratuitamente il loro tempo e la loro esperienza alla scuola. Li accomuna il desiderio di promuovere, coltivare e diffondere la lingua e la cultura italiana nel Regno Unito.<\/p><p style=\"text-align: center;\">Il Consiglio direttivo gestisce la scuola dal punto di vista finanziario mentre la Preside, Ines Saltalamacchia, si occupa egregiamente della gestione quotidiana della scuola.<\/p>\t\t\t\t\t\t\t\t<\/div>\n\t\t\t\t<\/div>\n\t\t\t\t\t<\/div>\n\t\t<\/div>\n\t\t\t\t\t<\/div>\n\t\t<\/section>\n\t\t\t\t<section class=\"elementor-section elementor-top-section elementor-element elementor-element-e758c4f elementor-section-full_width elementor-section-stretched elementor-section-height-default elementor-section-height-default\" data-id=\"e758c4f\" data-element_type=\"section\" data-e-type=\"section\" data-settings=\"{&quot;stretch_section&quot;:&quot;section-stretched&quot;}\">\n\t\t\t\t\t\t<div class=\"elementor-container elementor-column-gap-default\">\n\t\t\t\t\t<div class=\"elementor-column elementor-col-100 elementor-top-column elementor-element elementor-element-d4cd85e\" data-id=\"d4cd85e\" data-element_type=\"column\" data-e-type=\"column\">\n\t\t\t<div class=\"elementor-widget-wrap elementor-element-populated\">\n\t\t\t\t\t\t<div class=\"elementor-element elementor-element-e7a3e96 elementor-widget elementor-widget-spacer\" data-id=\"e7a3e96\" data-element_type=\"widget\" data-e-type=\"widget\" data-widget_type=\"spacer.default\">\n\t\t\t\t<div class=\"elementor-widget-container\">\n\t\t\t\t\t\t\t<div class=\"elementor-spacer\">\n\t\t\t<div class=\"elementor-spacer-inner\"><\/div>\n\t\t<\/div>\n\t\t\t\t\t\t<\/div>\n\t\t\t\t<\/div>\n\t\t\t\t\t<\/div>\n\t\t<\/div>\n\t\t\t\t\t<\/div>\n\t\t<\/section>\n\t\t\t\t<section class=\"elementor-section elementor-top-section elementor-element elementor-element-cd979fd elementor-section-stretched elementor-section-boxed elementor-section-height-default elementor-section-height-default\" data-id=\"cd979fd\" data-element_type=\"section\" data-e-type=\"section\" data-settings=\"{&quot;stretch_section&quot;:&quot;section-stretched&quot;}\">\n\t\t\t\t\t\t<div class=\"elementor-container elementor-column-gap-default\">\n\t\t\t\t\t<div class=\"elementor-column elementor-col-100 elementor-top-column elementor-element elementor-element-4642ade\" data-id=\"4642ade\" data-element_type=\"column\" data-e-type=\"column\">\n\t\t\t<div class=\"elementor-widget-wrap elementor-element-populated\">\n\t\t\t\t\t\t<div class=\"elementor-element elementor-element-a0283d8 elementor-widget elementor-widget-heading\" data-id=\"a0283d8\" data-element_type=\"widget\" data-e-type=\"widget\" data-widget_type=\"heading.default\">\n\t\t\t\t<div class=\"elementor-widget-container\">\n\t\t\t\t\t<h2 class=\"elementor-heading-title elementor-size-default\">I membri del Consiglio Direttivo<\/h2>\t\t\t\t<\/div>\n\t\t\t\t<\/div>\n\t\t\t\t<div class=\"elementor-element elementor-element-53aa80e elementor-position-left elementor-vertical-align-top elementor-widget elementor-widget-image-box\" data-id=\"53aa80e\" data-element_type=\"widget\" data-e-type=\"widget\" data-widget_type=\"image-box.default\">\n\t\t\t\t<div class=\"elementor-widget-container\">\n\t\t\t\t\t<div class=\"elementor-image-box-wrapper\"><figure class=\"elementor-image-box-img\"><img decoding=\"async\" width=\"200\" height=\"200\" src=\"https:\/\/sial.school\/wp-content\/uploads\/2022\/04\/3-1.png\" class=\"attachment-full size-full wp-image-39665\" alt=\"\" srcset=\"https:\/\/sial.school\/wp-content\/uploads\/2022\/04\/3-1.png 200w, https:\/\/sial.school\/wp-content\/uploads\/2022\/04\/3-1-150x150.png 150w, https:\/\/sial.school\/wp-content\/uploads\/2022\/04\/3-1-146x146.png 146w, https:\/\/sial.school\/wp-content\/uploads\/2022\/04\/3-1-50x50.png 50w, https:\/\/sial.school\/wp-content\/uploads\/2022\/04\/3-1-75x75.png 75w, https:\/\/sial.school\/wp-content\/uploads\/2022\/04\/3-1-85x85.png 85w, https:\/\/sial.school\/wp-content\/uploads\/2022\/04\/3-1-80x80.png 80w\" sizes=\"(max-width:767px) 200px, 200px\" \/><\/figure><div class=\"elementor-image-box-content\"><h4 class=\"elementor-image-box-title\">Alberto Pravettoni - Presidente<\/h4><p class=\"elementor-image-box-description\">Alberto stato nominato Presidente del Consiglio Direttivo nel settembre 2019. \u00c8 coinvolto nel progetto dal Novembre 2005 e si occupa soprattutto della parte di pianificazione finanziaria. Laureato in Economia Aziendale all\u2019Universit\u00e0 Bocconi di Milano, ha frequentato un corso post-laurea in Gestione di Aziende Globali all\u2019American School of Management in Phoenix, Arizona. Nel 2004 ha completato con successo il programma Nonprofit Leadership all\u2019Universit\u00e0 di Harvard, creato specificamente per Trustees. Alberto ha lavorato 13 anni come Managing Director a Goldman Sachs, con la carica di responsabile globale Fixed Income Operations. Pi\u00f9 recentemente \u00e8 stato Managing Director e membro del Comitato Esecutivo di LCH.Clearnet. Dal 2003 al 2007 \u00e8 stato membro del Board of Trustees della Scuola d\u2019Italia Guglielmo Marconi di New York.<\/p><\/div><\/div>\t\t\t\t<\/div>\n\t\t\t\t<\/div>\n\t\t\t\t<div class=\"elementor-element elementor-element-d6370a9 elementor-position-left elementor-vertical-align-top elementor-widget elementor-widget-image-box\" data-id=\"d6370a9\" data-element_type=\"widget\" data-e-type=\"widget\" data-widget_type=\"image-box.default\">\n\t\t\t\t<div class=\"elementor-widget-container\">\n\t\t\t\t\t<div class=\"elementor-image-box-wrapper\"><figure class=\"elementor-image-box-img\"><img decoding=\"async\" width=\"200\" height=\"200\" src=\"https:\/\/sial.school\/wp-content\/uploads\/2024\/06\/Board-members-profili-200x200-1.png\" class=\"attachment-full size-full wp-image-46253\" alt=\"\" srcset=\"https:\/\/sial.school\/wp-content\/uploads\/2024\/06\/Board-members-profili-200x200-1.png 200w, https:\/\/sial.school\/wp-content\/uploads\/2024\/06\/Board-members-profili-200x200-1-150x150.png 150w, https:\/\/sial.school\/wp-content\/uploads\/2024\/06\/Board-members-profili-200x200-1-75x75.png 75w\" sizes=\"(max-width:767px) 200px, 200px\" \/><\/figure><div class=\"elementor-image-box-content\"><h4 class=\"elementor-image-box-title\">Rossana Bottino<\/h4><p class=\"elementor-image-box-description\">Rossana \u00e8 una dei nostri insegnanti di scuola primaria ed \u00e8 la rappresentante degli insegnanti all\u2019interno del nostro consiglio di amministrazione. \u00c8 laureata in Lingue e Letterature Moderne all'Istituto Universitario di Lingue Moderne di Milan. Ha ottenuto inoltre le seguenti certificazioni: Higher Level Teaching Assistant Level 4, Level 5 TEFL, Supporting Learners with Dyslexia and SpLD. Rossana ha esperienza nell'insegnamento di italiano, inglese, francese e spagnolo come seconda lingua.<\/p><\/div><\/div>\t\t\t\t<\/div>\n\t\t\t\t<\/div>\n\t\t\t\t<div class=\"elementor-element elementor-element-5105527 elementor-position-left elementor-vertical-align-top elementor-widget elementor-widget-image-box\" data-id=\"5105527\" data-element_type=\"widget\" data-e-type=\"widget\" data-widget_type=\"image-box.default\">\n\t\t\t\t<div class=\"elementor-widget-container\">\n\t\t\t\t\t<div class=\"elementor-image-box-wrapper\"><figure class=\"elementor-image-box-img\"><img loading=\"lazy\" decoding=\"async\" width=\"200\" height=\"200\" src=\"https:\/\/sial.school\/wp-content\/uploads\/2022\/04\/8.png\" class=\"attachment-full size-full wp-image-39675\" alt=\"\" srcset=\"https:\/\/sial.school\/wp-content\/uploads\/2022\/04\/8.png 200w, https:\/\/sial.school\/wp-content\/uploads\/2022\/04\/8-150x150.png 150w, https:\/\/sial.school\/wp-content\/uploads\/2022\/04\/8-146x146.png 146w, https:\/\/sial.school\/wp-content\/uploads\/2022\/04\/8-50x50.png 50w, https:\/\/sial.school\/wp-content\/uploads\/2022\/04\/8-75x75.png 75w, https:\/\/sial.school\/wp-content\/uploads\/2022\/04\/8-85x85.png 85w, https:\/\/sial.school\/wp-content\/uploads\/2022\/04\/8-80x80.png 80w\" sizes=\"(max-width:767px) 200px, 200px\" \/><\/figure><div class=\"elementor-image-box-content\"><h4 class=\"elementor-image-box-title\">Ada Cerne<\/h4><p class=\"elementor-image-box-description\">Ada \u00e8 entrata nel Consiglio Direttivo nel 2019 e si occupa principalmente della pianificazione finanziaria della Charity. Dal 2014 Ada lavora presso Edmond de Rothschild Asset Management (UK), dove oggi ricopre il ruolo di Managing Director and Head of Digital Infrastructure nel dipartimento di Infrastructure and Structured Finance. Ada ha iniziato la sua carriera nel dipartimento di investment banking presso BZW \/ Barclays Capital per poi spostarsi a WestLB AG nella divisione di finanza strutturata, lavorando per 14 anni principalmente nei team dedicati all'origination di finanziamenti nel settore delle telecomunicazioni e di acquisition finance. Nel suo percorso presso WestLB ha assunto anche il ruolo di country manager per l'Africa Sub-Sahariana. Laureata in Economia, ha conseguito un master in Economia dello Sviluppo presso la School of Oriental and African Studies, London University, ha anche ottenuto un diploma IB dallo United World College of South East Asia (Singapore). Ada ha anche ottenuto la qualifica di CFA Charterholder.<\/p><\/div><\/div>\t\t\t\t<\/div>\n\t\t\t\t<\/div>\n\t\t\t\t<div class=\"elementor-element elementor-element-b736fab elementor-position-left elementor-vertical-align-top elementor-widget elementor-widget-image-box\" data-id=\"b736fab\" data-element_type=\"widget\" data-e-type=\"widget\" data-widget_type=\"image-box.default\">\n\t\t\t\t<div class=\"elementor-widget-container\">\n\t\t\t\t\t<div class=\"elementor-image-box-wrapper\"><figure class=\"elementor-image-box-img\"><img loading=\"lazy\" decoding=\"async\" width=\"200\" height=\"200\" src=\"https:\/\/sial.school\/wp-content\/uploads\/2024\/07\/Stefano-Donati-200x200-2.png\" class=\"attachment-full size-full wp-image-46275\" alt=\"Stefano Donati\" srcset=\"https:\/\/sial.school\/wp-content\/uploads\/2024\/07\/Stefano-Donati-200x200-2.png 200w, https:\/\/sial.school\/wp-content\/uploads\/2024\/07\/Stefano-Donati-200x200-2-150x150.png 150w, https:\/\/sial.school\/wp-content\/uploads\/2024\/07\/Stefano-Donati-200x200-2-75x75.png 75w\" sizes=\"(max-width:767px) 200px, 200px\" \/><\/figure><div class=\"elementor-image-box-content\"><h4 class=\"elementor-image-box-title\">Stefano Donati<\/h4><p class=\"elementor-image-box-description\">Stefano Donati \u00e8 Managing Director di BlackRock, presso cui supervisiona il portafoglio di investimenti europeo per una serie di fondi multi-asset globali.\nPrima di entrare in BlackRock nel 2008, Stefano ha lavorato in diversi ruoli nel campo degli investimenti presso Goldman Sachs.\nStefano ha conseguito la laurea nel 2001 presso l'Universit\u00e0 Bocconi.\n\u00c8 attivamente coinvolto in diverse attivit\u00e0 sociali e culturali, per le quali ha ricoperto o ricopre attualmente specifici ruoli, come per Bocconi Alumni a Londra; Business Club Italia; Club Torino; Rotary Club of the City e Shoreditch, SIAL Charity - La Scuola Italiana a Londra.\n\nStefano \u00e8 inoltre Cavaliere O.M.S.I.<\/p><\/div><\/div>\t\t\t\t<\/div>\n\t\t\t\t<\/div>\n\t\t\t\t<div class=\"elementor-element elementor-element-6cf122d elementor-position-left elementor-vertical-align-top elementor-widget elementor-widget-image-box\" data-id=\"6cf122d\" data-element_type=\"widget\" data-e-type=\"widget\" data-widget_type=\"image-box.default\">\n\t\t\t\t<div class=\"elementor-widget-container\">\n\t\t\t\t\t<div class=\"elementor-image-box-wrapper\"><figure class=\"elementor-image-box-img\"><img loading=\"lazy\" decoding=\"async\" width=\"200\" height=\"200\" src=\"https:\/\/sial.school\/wp-content\/uploads\/2022\/04\/6-1.png\" class=\"attachment-full size-full wp-image-39671\" alt=\"\" srcset=\"https:\/\/sial.school\/wp-content\/uploads\/2022\/04\/6-1.png 200w, https:\/\/sial.school\/wp-content\/uploads\/2022\/04\/6-1-150x150.png 150w, https:\/\/sial.school\/wp-content\/uploads\/2022\/04\/6-1-146x146.png 146w, https:\/\/sial.school\/wp-content\/uploads\/2022\/04\/6-1-50x50.png 50w, https:\/\/sial.school\/wp-content\/uploads\/2022\/04\/6-1-75x75.png 75w, https:\/\/sial.school\/wp-content\/uploads\/2022\/04\/6-1-85x85.png 85w, https:\/\/sial.school\/wp-content\/uploads\/2022\/04\/6-1-80x80.png 80w\" sizes=\"(max-width:767px) 200px, 200px\" \/><\/figure><div class=\"elementor-image-box-content\"><h4 class=\"elementor-image-box-title\">Christian Iachini<\/h4><p class=\"elementor-image-box-description\"> Christian si \u00e8 unito al Consiglio Direttivo a partire dall\u2019ottobre 2017, con un ruolo di supporto alle iniziative di comunicazione e marketing della charity. Con quasi 20 anni di esperienza in digital marketing, ha gestito dipartimenti di digital marketing in grandi multinazionali. Ha due titoli di laurea: uno in Management Internazionale e Gestione del Business, ottenuto presso la Copenhagen Business School; l\u2019altro in Scienze della Comunicazione d\u2019Impresa, ottenuto presso l\u2019Universit\u00e0 degli Studi di Trieste. Christian ha 2 figli trilingue, di cui uno ha frequentato la SIAL.school.<\/p><\/div><\/div>\t\t\t\t<\/div>\n\t\t\t\t<\/div>\n\t\t\t\t<div class=\"elementor-element elementor-element-d669453 elementor-position-left elementor-vertical-align-top elementor-widget elementor-widget-image-box\" data-id=\"d669453\" data-element_type=\"widget\" data-e-type=\"widget\" data-widget_type=\"image-box.default\">\n\t\t\t\t<div class=\"elementor-widget-container\">\n\t\t\t\t\t<div class=\"elementor-image-box-wrapper\"><figure class=\"elementor-image-box-img\"><img loading=\"lazy\" decoding=\"async\" width=\"200\" height=\"200\" src=\"https:\/\/sial.school\/wp-content\/uploads\/2022\/04\/2-1.png\" class=\"attachment-full size-full wp-image-39663\" alt=\"\" srcset=\"https:\/\/sial.school\/wp-content\/uploads\/2022\/04\/2-1.png 200w, https:\/\/sial.school\/wp-content\/uploads\/2022\/04\/2-1-150x150.png 150w, https:\/\/sial.school\/wp-content\/uploads\/2022\/04\/2-1-146x146.png 146w, https:\/\/sial.school\/wp-content\/uploads\/2022\/04\/2-1-50x50.png 50w, https:\/\/sial.school\/wp-content\/uploads\/2022\/04\/2-1-75x75.png 75w, https:\/\/sial.school\/wp-content\/uploads\/2022\/04\/2-1-85x85.png 85w, https:\/\/sial.school\/wp-content\/uploads\/2022\/04\/2-1-80x80.png 80w\" sizes=\"(max-width:767px) 200px, 200px\" \/><\/figure><div class=\"elementor-image-box-content\"><h4 class=\"elementor-image-box-title\">Ernestina Meloni<\/h4><p class=\"elementor-image-box-description\">Ernestina fa parte del progetto dal Gennaio 2006 con il ruolo principale di coordinamento del bilinguismo all\u2019interno del curricolo. Laureata in Lingue Moderne all\u2019Universit\u00e0 di Cagliari, ha conseguito un Master in Linguistica Applicata al Birkbeck College, University of London. Ernestina insegna lingua italiana in Gran Bretagna da circa trent\u2019anni tra Oxford e Londra. \nAttualmente \u00e8 insegnante e coordinatrice del Dipartimento di italiano al Liceo francese Charles de Gaulle di Londra e collabora \ncon organizzazioni locali e internazionali come formatrice e consulente, promuovendo l'eccellenza nell'insegnamento delle lingue. Ernestina ha anche lavorato con la BBC nella produzione di programmi per bambini. \nNel 2004 ha vinto The European Language Award e un riconoscimento dell\u2019Ambasciata Italiana per aver creato un modello di insegnamento delle lingue attraverso il movimento e la danza. Sempre nello stesso anno \u00e8 stata insignita come Cavaliere all\u2019Ordine del Merito della Repubblica Italiana (OMRI). Nel 2005 ha ricevuto un premio dalla Universit\u00e0 di Chicago, Best Teaching Award, per l\u2019alta qualit\u00e0 del suo insegnamento. Ernestina collabora con Cambridge Examinations board come Moderator per gli esami nazionali d\u2019italiano in UK.\nHa pubblicato libri sull'insegnamento dell'italiano per gli esami GCSE e A-Level nel Regno Unito e continua a pubblicare articoli e risorse sull'educazione bilingue e l'insegnamento delle lingue. Infine Ernestina \u00e8 attivamente coinvolta in progetti dell'Unione Europea che promuovono l'inclusione, il dialogo e il rispetto della diversit\u00e0 culturale.<\/p><\/div><\/div>\t\t\t\t<\/div>\n\t\t\t\t<\/div>\n\t\t\t\t<div class=\"elementor-element elementor-element-1d3e892 elementor-position-left elementor-vertical-align-top elementor-widget elementor-widget-image-box\" data-id=\"1d3e892\" data-element_type=\"widget\" data-e-type=\"widget\" data-widget_type=\"image-box.default\">\n\t\t\t\t<div class=\"elementor-widget-container\">\n\t\t\t\t\t<div class=\"elementor-image-box-wrapper\"><figure class=\"elementor-image-box-img\"><img loading=\"lazy\" decoding=\"async\" width=\"200\" height=\"200\" src=\"https:\/\/sial.school\/wp-content\/uploads\/2022\/04\/1.png\" class=\"attachment-full size-full wp-image-39661\" alt=\"\" srcset=\"https:\/\/sial.school\/wp-content\/uploads\/2022\/04\/1.png 200w, https:\/\/sial.school\/wp-content\/uploads\/2022\/04\/1-150x150.png 150w, https:\/\/sial.school\/wp-content\/uploads\/2022\/04\/1-146x146.png 146w, https:\/\/sial.school\/wp-content\/uploads\/2022\/04\/1-50x50.png 50w, https:\/\/sial.school\/wp-content\/uploads\/2022\/04\/1-75x75.png 75w, https:\/\/sial.school\/wp-content\/uploads\/2022\/04\/1-85x85.png 85w, https:\/\/sial.school\/wp-content\/uploads\/2022\/04\/1-80x80.png 80w\" sizes=\"(max-width:767px) 200px, 200px\" \/><\/figure><div class=\"elementor-image-box-content\"><h4 class=\"elementor-image-box-title\">Francesca Nelson-Smith<\/h4><p class=\"elementor-image-box-description\">Fondatrice del progetto originale de La Scuola Italiana a Londra, ha dedicato per anni parte del suo tempo libero a cercare di aprire una scuola italiana a Londra. Nel 2004, con l'aiuto di Emanuela Federspil e l\u2019associazione \u201cItalians of London\u201d, ha creato la commissione \u201cuna scuola per gli Italiani\u201d e riunito il gruppo di volontari impegnato nel progetto. Nel 2011 Francesca ha preso il posto di Emanuela Federspil come presidente del Consiglio Direttivo e lo ha mantenuto fino all\u2019agosto 2017. Da quell'anno ha continuato a fare parte del Consiglio Direttivo, supervisionando le attivit\u00e0 di Marketing e PR.\nLaureata in Filosofia e Lingue Moderne alla Oxford Univeristy, ha cominciato la sua carriera in una casa editrice anglo-italiana a Londra, per poi specializzarsi nella produzione di eventi promozionali per il gruppo SMH-Swatch a Milano. Rientrata a Londra nel 1997 ha portato avanti diverse collaborazioni con aziende ed enti senza scopo di lucro. \nIl 10 marzo 2016 l\u2019Ambasciatore d\u2019Italia Pasquale Terracciano ha consegnato a Francesca la decorazione di Cavaliere dell\u2019ordine della Stella d\u2019Italia per speciali meriti nella promozione dell\u2019educazione e della cultura italiana nel Regno Unito. Francesca fa parte del Consiglio della scuola primaria St Francis of Assisi dal febbraio 2015 e ricopre il ruolo di Vice-Presidente da settembre 2019.<\/p><\/div><\/div>\t\t\t\t<\/div>\n\t\t\t\t<\/div>\n\t\t\t\t<div class=\"elementor-element elementor-element-3e38b83 elementor-position-left elementor-vertical-align-top elementor-widget elementor-widget-image-box\" data-id=\"3e38b83\" data-element_type=\"widget\" data-e-type=\"widget\" data-widget_type=\"image-box.default\">\n\t\t\t\t<div class=\"elementor-widget-container\">\n\t\t\t\t\t<div class=\"elementor-image-box-wrapper\"><figure class=\"elementor-image-box-img\"><img loading=\"lazy\" decoding=\"async\" width=\"200\" height=\"200\" src=\"https:\/\/sial.school\/wp-content\/uploads\/2022\/04\/5-1.png\" class=\"attachment-full size-full wp-image-39669\" alt=\"\" srcset=\"https:\/\/sial.school\/wp-content\/uploads\/2022\/04\/5-1.png 200w, https:\/\/sial.school\/wp-content\/uploads\/2022\/04\/5-1-150x150.png 150w, https:\/\/sial.school\/wp-content\/uploads\/2022\/04\/5-1-146x146.png 146w, https:\/\/sial.school\/wp-content\/uploads\/2022\/04\/5-1-50x50.png 50w, https:\/\/sial.school\/wp-content\/uploads\/2022\/04\/5-1-75x75.png 75w, https:\/\/sial.school\/wp-content\/uploads\/2022\/04\/5-1-85x85.png 85w, https:\/\/sial.school\/wp-content\/uploads\/2022\/04\/5-1-80x80.png 80w\" sizes=\"(max-width:767px) 200px, 200px\" \/><\/figure><div class=\"elementor-image-box-content\"><h4 class=\"elementor-image-box-title\">Domenic Pini<\/h4><p class=\"elementor-image-box-description\">Domenic \u00e8 coinvolto nel progetto dal 2010 come consulente per gli aspetti legale e di fundraising. Domenic ha studiato al St George\u2019s College Weybridge, Surrey e alla Cambridge University. Dopo diversi anni in vari studi legali in Londra \u00e8 ora socio della Pini Franco LLP. Domenic \u00e8 stato Chairman della British Italian Law Association dal 1984 al 1996 e presidente del City of London Rotary Club. Domenic \u00e8 anche membro del Business Club Italia, oltre che Freeman of the City of London. Nel 2015 il Presidente della Repubblica Italiana ha conferito a Domenic il titolo di \u201cUfficiale\u201d \u2013 Ordine della Stella D\u2019Italia\n\u00c8 anche membro della Corte Internazionale di Appello della UIM (Union Internationale Motoautique) per i quattro anni 2019-2023.\n<\/p><\/div><\/div>\t\t\t\t<\/div>\n\t\t\t\t<\/div>\n\t\t\t\t<div class=\"elementor-element elementor-element-0fb60a9 elementor-position-left elementor-vertical-align-top elementor-widget elementor-widget-image-box\" data-id=\"0fb60a9\" data-element_type=\"widget\" data-e-type=\"widget\" data-widget_type=\"image-box.default\">\n\t\t\t\t<div class=\"elementor-widget-container\">\n\t\t\t\t\t<div class=\"elementor-image-box-wrapper\"><figure class=\"elementor-image-box-img\"><img loading=\"lazy\" decoding=\"async\" width=\"200\" height=\"200\" src=\"https:\/\/sial.school\/wp-content\/uploads\/2022\/04\/4-1.png\" class=\"attachment-full size-full wp-image-39667\" alt=\"\" srcset=\"https:\/\/sial.school\/wp-content\/uploads\/2022\/04\/4-1.png 200w, https:\/\/sial.school\/wp-content\/uploads\/2022\/04\/4-1-150x150.png 150w, https:\/\/sial.school\/wp-content\/uploads\/2022\/04\/4-1-146x146.png 146w, https:\/\/sial.school\/wp-content\/uploads\/2022\/04\/4-1-50x50.png 50w, https:\/\/sial.school\/wp-content\/uploads\/2022\/04\/4-1-75x75.png 75w, https:\/\/sial.school\/wp-content\/uploads\/2022\/04\/4-1-85x85.png 85w, https:\/\/sial.school\/wp-content\/uploads\/2022\/04\/4-1-80x80.png 80w\" sizes=\"(max-width:767px) 200px, 200px\" \/><\/figure><div class=\"elementor-image-box-content\"><h4 class=\"elementor-image-box-title\">Michaela Rees Jones<\/h4><p class=\"elementor-image-box-description\">Michaela \u00e8 entrata nel Consiglio Direttivo nel 2014. Dopo essersi laureata in Lingue Moderne ha proseguito la sua carriera professionale nel campo dell\u2019 Educazione Internazionale in Europa e negli Stati Uniti. Ha cominciato la sua carriera come insegnante e ha poi proseguito lavorando per diversi anni nel campo del marketing, editoria e risorse umane per Interstudy Inc e per EF. Recentemente si \u00e8 dedicata al volontariato e la raccolta fondi per una serie di importanti cause locali. Attraverso la English Speaking Union Michaela ha aiutato con il programma EAL una scuola elementare a North Kensington, \u00e8 stata vice-presidente della Second Half Foundation, fa parte del comitato di Action Against Cancer, un ente benefico a sostegno della ricerca presso Imperial College a Londra ed \u00e8 un membro del Servizio di assistenza alle vittime e ai testimoni presso la Central Criminal Court.<\/p><\/div><\/div>\t\t\t\t<\/div>\n\t\t\t\t<\/div>\n\t\t\t\t<div class=\"elementor-element elementor-element-7c53eb3 elementor-position-left elementor-vertical-align-top elementor-widget elementor-widget-image-box\" data-id=\"7c53eb3\" data-element_type=\"widget\" data-e-type=\"widget\" data-widget_type=\"image-box.default\">\n\t\t\t\t<div class=\"elementor-widget-container\">\n\t\t\t\t\t<div class=\"elementor-image-box-wrapper\"><figure class=\"elementor-image-box-img\"><img loading=\"lazy\" decoding=\"async\" width=\"200\" height=\"200\" src=\"https:\/\/sial.school\/wp-content\/uploads\/2025\/11\/Board-members-profili-200x200-2.png\" class=\"attachment-full size-full wp-image-47931\" alt=\"Ines Saltalamacchia\" srcset=\"https:\/\/sial.school\/wp-content\/uploads\/2025\/11\/Board-members-profili-200x200-2.png 200w, https:\/\/sial.school\/wp-content\/uploads\/2025\/11\/Board-members-profili-200x200-2-150x150.png 150w, https:\/\/sial.school\/wp-content\/uploads\/2025\/11\/Board-members-profili-200x200-2-75x75.png 75w\" sizes=\"(max-width:767px) 200px, 200px\" \/><\/figure><div class=\"elementor-image-box-content\"><h4 class=\"elementor-image-box-title\">Ines Saltalmacchia<\/h4><p class=\"elementor-image-box-description\">Ines Saltalamacchia \u00e8 coinvolta nel progetto La Scuola Italiana a Londra dal marzo 2006 \u2014 inizialmente come Trustee e, dopo l\u2019apertura della Scuola, come membro del team di gestione per i primi anni e come Preside da gennaio 2015 fino ad agosto 2024. Durante questo periodo, ha contribuito allo sviluppo del programma didattico bilingue e bi-curriculare della SIAL.school.\n\nHa conseguito una laurea in Filosofia presso l\u2019Universit\u00e0 degli Studi di Milano, dove ha inoltre completato la laurea magistrale in Tecnologie dell\u2019Informazione e della Comunicazione per le Scienze Umane. Dal 2001 al 2004, Ines ha lavorato come ricercatrice presso l\u2019Universit\u00e0 degli Studi di Milano e il King\u2019s College London, ottenendo un dottorato in Logica.\nInes \u00e8 stata Governor presso la Salusbury Primary School per cinque anni ed \u00e8 attivamente coinvolta con diverse organizzazioni benefiche nei paesi in via di sviluppo, sostenendo la formazione degli insegnanti, la progettazione curriculare e iniziative scolastiche volte a migliorare la qualit\u00e0 dell\u2019istruzione.<\/p><\/div><\/div>\t\t\t\t<\/div>\n\t\t\t\t<\/div>\n\t\t\t\t<div class=\"elementor-element elementor-element-3344d04 elementor-blockquote--skin-border elementor-blockquote--button-color-official elementor-widget elementor-widget-blockquote\" data-id=\"3344d04\" data-element_type=\"widget\" data-e-type=\"widget\" data-widget_type=\"blockquote.default\">\n\t\t\t\t<div class=\"elementor-widget-container\">\n\t\t\t\t\t\t\t<blockquote class=\"elementor-blockquote\">\n\t\t\t<p class=\"elementor-blockquote__content\">\n\t\t\t\tIl Consiglio Direttivo desidera esprimere tutta la propria gratitudine a Emanuela Federspil Bernstorf e Raffaella Celia, che hanno precedentemente ricoperto il ruolo di Chair of the Board, per il loro fondamentale contributo.\t\t\t<\/p>\n\t\t\t\t\t<\/blockquote>\n\t\t\t\t\t\t<\/div>\n\t\t\t\t<\/div>\n\t\t\t\t<div class=\"elementor-element elementor-element-67aa887 elementor-widget elementor-widget-spacer\" data-id=\"67aa887\" data-element_type=\"widget\" data-e-type=\"widget\" data-widget_type=\"spacer.default\">\n\t\t\t\t<div class=\"elementor-widget-container\">\n\t\t\t\t\t\t\t<div class=\"elementor-spacer\">\n\t\t\t<div class=\"elementor-spacer-inner\"><\/div>\n\t\t<\/div>\n\t\t\t\t\t\t<\/div>\n\t\t\t\t<\/div>\n\t\t\t\t<div class=\"elementor-element elementor-element-3383365 elementor-widget elementor-widget-text-editor\" data-id=\"3383365\" data-element_type=\"widget\" data-e-type=\"widget\" data-widget_type=\"text-editor.default\">\n\t\t\t\t<div class=\"elementor-widget-container\">\n\t\t\t\t\t\t\t\t\t<h3>I nostri Patrons<\/h3><p>H. E. the Italian Ambassador<br \/>Lady Carla Powell<br \/>Maria Carmela Viscountess Hambleden<br \/>Martina Mazzotta<br \/>Benito Fiore<\/p><p>I nostri Patrons (mecenati) assistono il Consiglio Direttivo con le operazioni di fundraising condividendo idee e contatti.<\/p>\t\t\t\t\t\t\t\t<\/div>\n\t\t\t\t<\/div>\n\t\t\t\t\t<\/div>\n\t\t<\/div>\n\t\t\t\t\t<\/div>\n\t\t<\/section>\n\t\t\t\t<section class=\"elementor-section elementor-top-section elementor-element elementor-element-631e0963 elementor-section-full_width elementor-section-stretched elementor-section-height-default elementor-section-height-default\" data-id=\"631e0963\" data-element_type=\"section\" data-e-type=\"section\" data-settings=\"{&quot;stretch_section&quot;:&quot;section-stretched&quot;}\">\n\t\t\t\t\t\t<div class=\"elementor-container elementor-column-gap-default\">\n\t\t\t\t\t<div class=\"elementor-column elementor-col-100 elementor-top-column elementor-element elementor-element-241f139c\" data-id=\"241f139c\" data-element_type=\"column\" data-e-type=\"column\">\n\t\t\t<div class=\"elementor-widget-wrap elementor-element-populated\">\n\t\t\t\t\t\t<div class=\"elementor-element elementor-element-2bd3888 elementor-widget elementor-widget-spacer\" data-id=\"2bd3888\" data-element_type=\"widget\" data-e-type=\"widget\" data-widget_type=\"spacer.default\">\n\t\t\t\t<div class=\"elementor-widget-container\">\n\t\t\t\t\t\t\t<div class=\"elementor-spacer\">\n\t\t\t<div class=\"elementor-spacer-inner\"><\/div>\n\t\t<\/div>\n\t\t\t\t\t\t<\/div>\n\t\t\t\t<\/div>\n\t\t\t\t\t<\/div>\n\t\t<\/div>\n\t\t\t\t\t<\/div>\n\t\t<\/section>\n\t\t\t\t<section class=\"elementor-section elementor-top-section elementor-element elementor-element-68c50bba elementor-section-full_width elementor-section-stretched elementor-section-height-default elementor-section-height-default\" data-id=\"68c50bba\" data-element_type=\"section\" data-e-type=\"section\" data-settings=\"{&quot;stretch_section&quot;:&quot;section-stretched&quot;}\">\n\t\t\t\t\t\t<div class=\"elementor-container elementor-column-gap-no\">\n\t\t\t\t\t<div class=\"elementor-column elementor-col-100 elementor-top-column elementor-element elementor-element-41437d1\" data-id=\"41437d1\" data-element_type=\"column\" data-e-type=\"column\">\n\t\t\t<div class=\"elementor-widget-wrap elementor-element-populated\">\n\t\t\t\t\t\t<div class=\"elementor-element elementor-element-637c61b1 elementor-widget elementor-widget-image\" data-id=\"637c61b1\" data-element_type=\"widget\" data-e-type=\"widget\" data-widget_type=\"image.default\">\n\t\t\t\t<div class=\"elementor-widget-container\">\n\t\t\t\t\t\t\t\t\t\t\t\t\t\t\t<img loading=\"lazy\" decoding=\"async\" width=\"1595\" height=\"365\" src=\"https:\/\/sial.school\/wp-content\/uploads\/2022\/03\/FOOTER-IMAGE-TEMPLATE-new.png\" class=\"attachment-full size-full wp-image-38627\" alt=\"\" srcset=\"https:\/\/sial.school\/wp-content\/uploads\/2022\/03\/FOOTER-IMAGE-TEMPLATE-new.png 1595w, https:\/\/sial.school\/wp-content\/uploads\/2022\/03\/FOOTER-IMAGE-TEMPLATE-new-300x69.png 300w, https:\/\/sial.school\/wp-content\/uploads\/2022\/03\/FOOTER-IMAGE-TEMPLATE-new-1024x234.png 1024w, https:\/\/sial.school\/wp-content\/uploads\/2022\/03\/FOOTER-IMAGE-TEMPLATE-new-768x176.png 768w, https:\/\/sial.school\/wp-content\/uploads\/2022\/03\/FOOTER-IMAGE-TEMPLATE-new-1536x351.png 1536w, https:\/\/sial.school\/wp-content\/uploads\/2022\/03\/FOOTER-IMAGE-TEMPLATE-new-260x59.png 260w, https:\/\/sial.school\/wp-content\/uploads\/2022\/03\/FOOTER-IMAGE-TEMPLATE-new-50x11.png 50w, https:\/\/sial.school\/wp-content\/uploads\/2022\/03\/FOOTER-IMAGE-TEMPLATE-new-150x34.png 150w\" sizes=\"(max-width:767px) 480px, (max-width:1595px) 100vw, 1595px\" \/>\t\t\t\t\t\t\t\t\t\t\t\t\t\t\t<\/div>\n\t\t\t\t<\/div>\n\t\t\t\t\t<\/div>\n\t\t<\/div>\n\t\t\t\t\t<\/div>\n\t\t<\/section>\n\t\t\t\t<\/div>\n\t\t","protected":false},"excerpt":{"rendered":"<p>Consiglio Direttivo SIAL.school \u00e8 un progetto di SIAL.charity (La Scuola Italiana a Londra), che \u00e8 un Ente Senza Scopo di Lucro riconosciuto dalla Charity Commission britannica<span class=\"excerpt-hellip\"> [\u2026]<\/span><\/p>\n","protected":false},"author":9,"featured_media":0,"parent":38023,"menu_order":0,"comment_status":"closed","ping_status":"closed","template":"","meta":{"footnotes":""},"class_list":["post-38039","page","type-page","status-publish","hentry"],"yoast_head":"<!-- This site is optimized with the Yoast SEO plugin v27.5 - https:\/\/yoast.com\/product\/yoast-seo-wordpress\/ -->\n<title>Consiglio Direttivo - SIAL<\/title>\n<meta name=\"robots\" content=\"index, follow, max-snippet:-1, max-image-preview:large, max-video-preview:-1\" \/>\n<link rel=\"canonical\" href=\"https:\/\/sial.school\/it\/chi-siamo\/consiglio-direttivo\/\" \/>\n<meta property=\"og:locale\" content=\"it_IT\" \/>\n<meta property=\"og:type\" content=\"article\" \/>\n<meta property=\"og:title\" content=\"Consiglio Direttivo - SIAL\" \/>\n<meta property=\"og:description\" content=\"Consiglio Direttivo SIAL.school \u00e8 un progetto di SIAL.charity (La Scuola Italiana a Londra), che \u00e8 un Ente Senza Scopo di Lucro riconosciuto dalla Charity Commission britannica [\u2026]\" \/>\n<meta property=\"og:url\" content=\"https:\/\/sial.school\/it\/chi-siamo\/consiglio-direttivo\/\" \/>\n<meta property=\"og:site_name\" content=\"SIAL\" \/>\n<meta property=\"article:modified_time\" content=\"2026-03-09T21:24:51+00:00\" \/>\n<meta property=\"og:image\" content=\"https:\/\/sial.school\/wp-content\/uploads\/2022\/03\/School-Web_Web-Elements_3.png\" \/>\n\t<meta property=\"og:image:width\" content=\"1278\" \/>\n\t<meta property=\"og:image:height\" content=\"217\" \/>\n\t<meta property=\"og:image:type\" content=\"image\/png\" \/>\n<meta name=\"twitter:card\" content=\"summary_large_image\" \/>\n<meta name=\"twitter:label1\" content=\"Tempo di lettura stimato\" \/>\n\t<meta name=\"twitter:data1\" content=\"11 minuti\" \/>\n<script type=\"application\/ld+json\" class=\"yoast-schema-graph\">{\"@context\":\"https:\\\/\\\/schema.org\",\"@graph\":[{\"@type\":\"WebPage\",\"@id\":\"https:\\\/\\\/sial.school\\\/it\\\/chi-siamo\\\/consiglio-direttivo\\\/\",\"url\":\"https:\\\/\\\/sial.school\\\/it\\\/chi-siamo\\\/consiglio-direttivo\\\/\",\"name\":\"Consiglio Direttivo - SIAL\",\"isPartOf\":{\"@id\":\"https:\\\/\\\/sial.school\\\/#website\"},\"primaryImageOfPage\":{\"@id\":\"https:\\\/\\\/sial.school\\\/it\\\/chi-siamo\\\/consiglio-direttivo\\\/#primaryimage\"},\"image\":{\"@id\":\"https:\\\/\\\/sial.school\\\/it\\\/chi-siamo\\\/consiglio-direttivo\\\/#primaryimage\"},\"thumbnailUrl\":\"https:\\\/\\\/sial.school\\\/wp-content\\\/uploads\\\/2022\\\/03\\\/School-Web_Web-Elements_3-1024x174.png\",\"datePublished\":\"2022-01-26T16:59:13+00:00\",\"dateModified\":\"2026-03-09T21:24:51+00:00\",\"breadcrumb\":{\"@id\":\"https:\\\/\\\/sial.school\\\/it\\\/chi-siamo\\\/consiglio-direttivo\\\/#breadcrumb\"},\"inLanguage\":\"it-IT\",\"potentialAction\":[{\"@type\":\"ReadAction\",\"target\":[\"https:\\\/\\\/sial.school\\\/it\\\/chi-siamo\\\/consiglio-direttivo\\\/\"]}]},{\"@type\":\"ImageObject\",\"inLanguage\":\"it-IT\",\"@id\":\"https:\\\/\\\/sial.school\\\/it\\\/chi-siamo\\\/consiglio-direttivo\\\/#primaryimage\",\"url\":\"https:\\\/\\\/sial.school\\\/wp-content\\\/uploads\\\/2022\\\/03\\\/School-Web_Web-Elements_3-1024x174.png\",\"contentUrl\":\"https:\\\/\\\/sial.school\\\/wp-content\\\/uploads\\\/2022\\\/03\\\/School-Web_Web-Elements_3-1024x174.png\"},{\"@type\":\"BreadcrumbList\",\"@id\":\"https:\\\/\\\/sial.school\\\/it\\\/chi-siamo\\\/consiglio-direttivo\\\/#breadcrumb\",\"itemListElement\":[{\"@type\":\"ListItem\",\"position\":1,\"name\":\"Home\",\"item\":\"https:\\\/\\\/sial.school\\\/it\\\/home\\\/\"},{\"@type\":\"ListItem\",\"position\":2,\"name\":\"Chi-Siamo\",\"item\":\"https:\\\/\\\/sial.school\\\/it\\\/?page_id=38023\"},{\"@type\":\"ListItem\",\"position\":3,\"name\":\"Consiglio Direttivo\"}]},{\"@type\":\"WebSite\",\"@id\":\"https:\\\/\\\/sial.school\\\/#website\",\"url\":\"https:\\\/\\\/sial.school\\\/\",\"name\":\"SIAL\",\"description\":\"The only Italian English bicurricular school in UK\",\"potentialAction\":[{\"@type\":\"SearchAction\",\"target\":{\"@type\":\"EntryPoint\",\"urlTemplate\":\"https:\\\/\\\/sial.school\\\/?s={search_term_string}\"},\"query-input\":{\"@type\":\"PropertyValueSpecification\",\"valueRequired\":true,\"valueName\":\"search_term_string\"}}],\"inLanguage\":\"it-IT\"}]}<\/script>\n<!-- \/ Yoast SEO plugin. -->","yoast_head_json":{"title":"Consiglio Direttivo - SIAL","robots":{"index":"index","follow":"follow","max-snippet":"max-snippet:-1","max-image-preview":"max-image-preview:large","max-video-preview":"max-video-preview:-1"},"canonical":"https:\/\/sial.school\/it\/chi-siamo\/consiglio-direttivo\/","og_locale":"it_IT","og_type":"article","og_title":"Consiglio Direttivo - SIAL","og_description":"Consiglio Direttivo SIAL.school \u00e8 un progetto di SIAL.charity (La Scuola Italiana a Londra), che \u00e8 un Ente Senza Scopo di Lucro riconosciuto dalla Charity Commission britannica [\u2026]","og_url":"https:\/\/sial.school\/it\/chi-siamo\/consiglio-direttivo\/","og_site_name":"SIAL","article_modified_time":"2026-03-09T21:24:51+00:00","og_image":[{"width":1278,"height":217,"url":"https:\/\/sial.school\/wp-content\/uploads\/2022\/03\/School-Web_Web-Elements_3.png","type":"image\/png"}],"twitter_card":"summary_large_image","twitter_misc":{"Tempo di lettura stimato":"11 minuti"},"schema":{"@context":"https:\/\/schema.org","@graph":[{"@type":"WebPage","@id":"https:\/\/sial.school\/it\/chi-siamo\/consiglio-direttivo\/","url":"https:\/\/sial.school\/it\/chi-siamo\/consiglio-direttivo\/","name":"Consiglio Direttivo - SIAL","isPartOf":{"@id":"https:\/\/sial.school\/#website"},"primaryImageOfPage":{"@id":"https:\/\/sial.school\/it\/chi-siamo\/consiglio-direttivo\/#primaryimage"},"image":{"@id":"https:\/\/sial.school\/it\/chi-siamo\/consiglio-direttivo\/#primaryimage"},"thumbnailUrl":"https:\/\/sial.school\/wp-content\/uploads\/2022\/03\/School-Web_Web-Elements_3-1024x174.png","datePublished":"2022-01-26T16:59:13+00:00","dateModified":"2026-03-09T21:24:51+00:00","breadcrumb":{"@id":"https:\/\/sial.school\/it\/chi-siamo\/consiglio-direttivo\/#breadcrumb"},"inLanguage":"it-IT","potentialAction":[{"@type":"ReadAction","target":["https:\/\/sial.school\/it\/chi-siamo\/consiglio-direttivo\/"]}]},{"@type":"ImageObject","inLanguage":"it-IT","@id":"https:\/\/sial.school\/it\/chi-siamo\/consiglio-direttivo\/#primaryimage","url":"https:\/\/sial.school\/wp-content\/uploads\/2022\/03\/School-Web_Web-Elements_3-1024x174.png","contentUrl":"https:\/\/sial.school\/wp-content\/uploads\/2022\/03\/School-Web_Web-Elements_3-1024x174.png"},{"@type":"BreadcrumbList","@id":"https:\/\/sial.school\/it\/chi-siamo\/consiglio-direttivo\/#breadcrumb","itemListElement":[{"@type":"ListItem","position":1,"name":"Home","item":"https:\/\/sial.school\/it\/home\/"},{"@type":"ListItem","position":2,"name":"Chi-Siamo","item":"https:\/\/sial.school\/it\/?page_id=38023"},{"@type":"ListItem","position":3,"name":"Consiglio Direttivo"}]},{"@type":"WebSite","@id":"https:\/\/sial.school\/#website","url":"https:\/\/sial.school\/","name":"SIAL","description":"The only Italian English bicurricular school in UK","potentialAction":[{"@type":"SearchAction","target":{"@type":"EntryPoint","urlTemplate":"https:\/\/sial.school\/?s={search_term_string}"},"query-input":{"@type":"PropertyValueSpecification","valueRequired":true,"valueName":"search_term_string"}}],"inLanguage":"it-IT"}]}},"_links":{"self":[{"href":"https:\/\/sial.school\/it\/wp-json\/wp\/v2\/pages\/38039","targetHints":{"allow":["GET"]}}],"collection":[{"href":"https:\/\/sial.school\/it\/wp-json\/wp\/v2\/pages"}],"about":[{"href":"https:\/\/sial.school\/it\/wp-json\/wp\/v2\/types\/page"}],"author":[{"embeddable":true,"href":"https:\/\/sial.school\/it\/wp-json\/wp\/v2\/users\/9"}],"replies":[{"embeddable":true,"href":"https:\/\/sial.school\/it\/wp-json\/wp\/v2\/comments?post=38039"}],"version-history":[{"count":50,"href":"https:\/\/sial.school\/it\/wp-json\/wp\/v2\/pages\/38039\/revisions"}],"predecessor-version":[{"id":48342,"href":"https:\/\/sial.school\/it\/wp-json\/wp\/v2\/pages\/38039\/revisions\/48342"}],"up":[{"embeddable":true,"href":"https:\/\/sial.school\/it\/wp-json\/wp\/v2\/pages\/38023"}],"wp:attachment":[{"href":"https:\/\/sial.school\/it\/wp-json\/wp\/v2\/media?parent=38039"}],"curies":[{"name":"wp","href":"https:\/\/api.w.org\/{rel}","templated":true}]}}